{"id":4,"date":"2022-08-11T12:13:00","date_gmt":"2022-08-11T10:13:00","guid":{"rendered":"https:\/\/nextbike-live.pluspol-networks.de\/myradl\/?page_id=4"},"modified":"2026-03-26T13:54:00","modified_gmt":"2026-03-26T12:54:00","slug":"startseite","status":"publish","type":"page","link":"https:\/\/www.myradl.de\/de\/","title":{"rendered":"Startseite"},"content":{"rendered":"<div class=\"wpb-content-wrapper\"><p>[vc_row ppi_row_padding=&#8220;ppi_remove_padding_top,ppi_remove_padding_bottom&#8220; full_width=&#8220;stretch_row_content_no_spaces&#8220; el_class=&#8220;stage-row&#8220;][vc_column]<div class=\"nextbike stage\">\n                    <div class=\"stage__wrapper\">\n                        <div class=\"container\">\n                            <div class=\"stage__content\"><span class=\"h3\">F\u00fcr M\u00fcnchen und die Region<\/span><h1>MyRadl - App downloaden und losfahren<\/h1><div class=\"stage__content__stores\"><a class=\"nb-appstore-btn\" aria-label=\"Apple App Store\" href=\"https:\/\/www.mvv-muenchen.de\/static\/mvvapp\/\" target=\"_blank\" data-custom-link=\"true\"><img decoding=\"async\" width=\"200px\" height=\"59px\" alt=\"Apple App Store\" src=\"https:\/\/www.myradl.de\/wp-content\/uploads\/sites\/109\/2026\/03\/Button_mvv.svg\" \/><\/a><a class=\"nb-appstore-btn\" aria-label=\"Google App Store\" href=\"https:\/\/www.mvg.de\/apps\/mvgo\" target=\"_blank\" data-custom-link=\"true\"><img decoding=\"async\" width=\"200px\" height=\"59px\" alt=\"Google App Store\" src=\"https:\/\/www.myradl.de\/wp-content\/uploads\/sites\/109\/2026\/02\/Button_mvgo.svg\" \/><\/a><a class=\"nb-appstore-btn\" aria-label=\"Huawei App Store\" href=\"https:\/\/myradl.onelink.me\/37p8\/s3deqmvf\" target=\"_blank\" data-custom-link=\"true\"><img decoding=\"async\" width=\"200px\" height=\"59px\" alt=\"Huawei App Store\" src=\"https:\/\/www.myradl.de\/wp-content\/uploads\/sites\/109\/2026\/02\/Button_nb.svg\" \/><\/a><\/div>\n                            <\/div>\n                        <\/div><div role=\"img\" aria-label=\"Missing alt text\" class=\"stage__parallax parallax-speed5 show-for-md\" style=\"background-image: url(https:\/\/www.myradl.de\/wp-content\/uploads\/2024\/04\/sun_background_optimized-1.svg)\"><\/div>\n                   <div role=\"img\" aria-label=\"Missing alt text\" class=\"stage__parallax parallax-speed4 show-for-md\" style=\"background-image: url(https:\/\/www.myradl.de\/wp-content\/uploads\/2023\/03\/City_background.svg)\"><\/div>\n                   <div role=\"img\" aria-label=\"Grafisch dargestellter Radfahrer aus Vogelperspektive, der \u00fcber blauen Hintergrund f\u00e4hrt\" class=\"stage__parallax parallax-speed3 show-for-md\" style=\"background-image: url(https:\/\/www.myradl.de\/wp-content\/uploads\/2024\/04\/header_LAYER-3-1.svg)\"><\/div>\n                   <div role=\"img\" aria-label=\"Missing alt text\" class=\"stage__parallax parallax-speed2 show-for-md\" style=\"background-image: url(https:\/\/www.myradl.de\/wp-content\/uploads\/2024\/04\/header_LAYER-2.svg)\"><\/div>\n                   <div role=\"img\" aria-label=\"Missing alt text\" class=\"stage__parallax parallax-speed1 show-for-md\" style=\"background-image: url(https:\/\/www.myradl.de\/wp-content\/uploads\/sites\/109\/2026\/04\/MyRadl_header_image_02-1.svg)\"><\/div><img decoding=\"async\" class=\"stage__mobile hide-for-md\" src=\"https:\/\/www.myradl.de\/wp-content\/uploads\/sites\/109\/2026\/04\/MyRadl_header_image_mobile.svg\" alt=\"Grafisch dargestellter Radfahrer aus Vogelperspektive, der \u00fcber blauen Hintergrund f\u00e4hrt\" \/><\/div>\n                <\/div>[\/vc_column][\/vc_row][vc_row ppi_row_padding=&#8220;ppi_remove_padding_top&#8220; css=&#8220;.vc_custom_1772031131695{margin-top: 20px !important;}&#8220;][vc_column]<div class=\"nextbike mockups\"><div class=\"mockups__item\">\n    <div class=\"mockups__item__container\">\n                <div class=\"mockups__item__image mockups__item__image__left\">\n                        <div class=\"mockups__item__image__img\">\n                <img loading=\"lazy\" decoding=\"async\" width=\"548\" height=\"858\" src=\"https:\/\/www.myradl.de\/wp-content\/uploads\/sites\/109\/2026\/03\/Phone-Mockup-Map-Active-Ride.png\" class=\"attachment-nex-sm size-nex-sm\" alt=\"nextbike App Screenshot zeigt die Standortkarte von MyRadl\" srcset=\"https:\/\/www.myradl.de\/wp-content\/uploads\/sites\/109\/2026\/03\/Phone-Mockup-Map-Active-Ride.png 548w, https:\/\/www.myradl.de\/wp-content\/uploads\/sites\/109\/2026\/03\/Phone-Mockup-Map-Active-Ride-192x300.png 192w, https:\/\/www.myradl.de\/wp-content\/uploads\/sites\/109\/2026\/03\/Phone-Mockup-Map-Active-Ride-480x752.png 480w, https:\/\/www.myradl.de\/wp-content\/uploads\/sites\/109\/2026\/03\/Phone-Mockup-Map-Active-Ride-89x140.png 89w, https:\/\/www.myradl.de\/wp-content\/uploads\/sites\/109\/2026\/03\/Phone-Mockup-Map-Active-Ride-64x100.png 64w\" sizes=\"auto, (max-width: 548px) 100vw, 548px\" \/>            <\/div>\n                                                            <div class=\"mockups__item__image__bg parallax\">\n                        <img loading=\"lazy\" decoding=\"async\" width=\"550\" height=\"800\" src=\"https:\/\/www.myradl.de\/wp-content\/uploads\/sites\/109\/2026\/04\/bubble-MAP.svg\" class=\"attachment-nex-md size-nex-md\" alt=\"blaue Bubble als Designelement\" \/>                    <\/div>\n                                    <\/div>\n                        <div class=\"mockups__item__content mockups__item__content__left\">\n                        <h2 class=\"h3 mockups__item__headline\">\n                Was ist MyRadl?            <\/h2>\n                                    <p class=\"mockups__item__text\">\n                MyRadl ist das offizielle Bikesharing-System in M\u00fcnchen und 36 weiteren Kommunen im MVV-Raum.            <\/p>\n                                    <a href=\"https:\/\/www.myradl.de\/de\/standorte\/\" target=\"_self\" title=\"MyRadl-Standorte\" class=\"mockups__item__link\" >\n                MyRadl-Standorte            <\/a>\n                    <\/div>\n            <\/div>\n<\/div>\n<div class=\"mockups__item\">\n    <div class=\"mockups__item__container\">\n                <div class=\"mockups__item__image mockups__item__image__right\">\n                        <div class=\"mockups__item__image__img\">\n                <img loading=\"lazy\" decoding=\"async\" width=\"632\" height=\"827\" src=\"https:\/\/www.myradl.de\/wp-content\/uploads\/sites\/109\/2026\/03\/Phone-Mockup-QR-Code-Scanner.png\" class=\"attachment-nex-sm size-nex-sm\" alt=\"nextbike-App-Screenshot zeigt den QR-Code-Scan-Vorgang\" srcset=\"https:\/\/www.myradl.de\/wp-content\/uploads\/sites\/109\/2026\/03\/Phone-Mockup-QR-Code-Scanner.png 632w, https:\/\/www.myradl.de\/wp-content\/uploads\/sites\/109\/2026\/03\/Phone-Mockup-QR-Code-Scanner-229x300.png 229w, https:\/\/www.myradl.de\/wp-content\/uploads\/sites\/109\/2026\/03\/Phone-Mockup-QR-Code-Scanner-480x628.png 480w, https:\/\/www.myradl.de\/wp-content\/uploads\/sites\/109\/2026\/03\/Phone-Mockup-QR-Code-Scanner-107x140.png 107w, https:\/\/www.myradl.de\/wp-content\/uploads\/sites\/109\/2026\/03\/Phone-Mockup-QR-Code-Scanner-76x100.png 76w\" sizes=\"auto, (max-width: 632px) 100vw, 632px\" \/>            <\/div>\n                                                            <div class=\"mockups__item__image__bg parallax\">\n                        <img loading=\"lazy\" decoding=\"async\" width=\"550\" height=\"800\" src=\"https:\/\/www.myradl.de\/wp-content\/uploads\/sites\/109\/2026\/04\/bubble-SCAN.svg\" class=\"attachment-nex-md size-nex-md\" alt=\"blaue Bubble als Designelement\" \/>                    <\/div>\n                                    <\/div>\n                        <div class=\"mockups__item__content mockups__item__content__right\">\n                        <h2 class=\"h3 mockups__item__headline\">\n                Ausleihe &amp; R\u00fcckgabe            <\/h2>\n                                    <p class=\"mockups__item__text\">\n                Es ist kinderleicht und du bist jederzeit superschnell unterwegs.            <\/p>\n                                    <a href=\"#so-gehts\" target=\"_self\" title=\"So geht&#039;s!\" class=\"mockups__item__link\" >\n                So geht&#039;s!            <\/a>\n                    <\/div>\n            <\/div>\n<\/div>\n<div class=\"mockups__item\">\n    <div class=\"mockups__item__container\">\n                <div class=\"mockups__item__image mockups__item__image__left\">\n                        <div class=\"mockups__item__image__img\">\n                <img loading=\"lazy\" decoding=\"async\" width=\"499\" height=\"762\" src=\"https:\/\/www.myradl.de\/wp-content\/uploads\/sites\/109\/2026\/03\/Phone-Mockup-Ride-Complete.png\" class=\"attachment-nex-sm size-nex-sm\" alt=\"nextbike-App-Screenshot zeigt Informationen zu einer laufenden Ausleihe eines MyRadl.\" srcset=\"https:\/\/www.myradl.de\/wp-content\/uploads\/sites\/109\/2026\/03\/Phone-Mockup-Ride-Complete.png 499w, https:\/\/www.myradl.de\/wp-content\/uploads\/sites\/109\/2026\/03\/Phone-Mockup-Ride-Complete-196x300.png 196w, https:\/\/www.myradl.de\/wp-content\/uploads\/sites\/109\/2026\/03\/Phone-Mockup-Ride-Complete-480x733.png 480w, https:\/\/www.myradl.de\/wp-content\/uploads\/sites\/109\/2026\/03\/Phone-Mockup-Ride-Complete-92x140.png 92w, https:\/\/www.myradl.de\/wp-content\/uploads\/sites\/109\/2026\/03\/Phone-Mockup-Ride-Complete-65x100.png 65w\" sizes=\"auto, (max-width: 499px) 100vw, 499px\" \/>            <\/div>\n                                                            <div class=\"mockups__item__image__bg parallax\">\n                        <img loading=\"lazy\" decoding=\"async\" width=\"550\" height=\"800\" src=\"https:\/\/www.myradl.de\/wp-content\/uploads\/sites\/109\/2026\/04\/bubble-APP.svg\" class=\"attachment-nex-md size-nex-md\" alt=\"blaue Bubble als Designelement\" \/>                    <\/div>\n                                    <\/div>\n                        <div class=\"mockups__item__content mockups__item__content__left\">\n                        <h2 class=\"h3 mockups__item__headline\">\n                G\u00fcnstig und nachhaltig            <\/h2>\n                                    <p class=\"mockups__item__text\">\n                Beweg dich \u2013 f\u00fcr Fahrspa\u00df ohne L\u00e4rm und Abgase. Ab 1 Euro bist du dabei und mit \u00d6PNV\u2011Abo lohnt es sich noch mehr.            <\/p>\n                                    <a href=\"#tarife\" target=\"_self\" title=\"Unsere Tarife\" class=\"mockups__item__link\" >\n                Unsere Tarife            <\/a>\n                    <\/div>\n            <\/div>\n<\/div>\n<\/div>[\/vc_column][\/vc_row][vc_row ppi_row_type=&#8220;ppi_bg_grey&#8220; full_width=&#8220;stretch_row&#8220; el_id=&#8220;so-gehts&#8220;][vc_column]<div class=\"nextbike how-its-done\">\n    <h2>So geht\u2019s<\/h2>\n\n    <div class=\"how-its-done__text\">\n        <p>&nbsp;<\/p>\n    <\/div>\n\n\n<div class=\"how-its-done__container\">\n                        <div class=\"how-its-done__ctab how-its-done__ctab__tab1 how-its-done__ctab__current\" data-ctab=\"tab1\">\n                <div class=\"how-its-done__image\">\n                    <img loading=\"lazy\" decoding=\"async\" width=\"400\" height=\"400\" src=\"https:\/\/www.myradl.de\/wp-content\/uploads\/sites\/109\/2026\/04\/Framelock.svg\" class=\"attachment-nex-md size-nex-md\" alt=\"Grafische Darstellung wie das Framelock am MyRadl aufspringt\" \/>                <\/div>\n                <div class=\"how-its-done__content\">\n                                            <h3 class=\"h5\">REGISTRIERUNG<\/h3>\n                                                                <p>Die Registrierung ist kostenlos, lediglich zur Verifizierung deines Zahlungsmittels musst du ein Fahrtguthaben von 1 Euro hinterlegen, welches du sp\u00e4ter verfahren kannst.    <p>Infos zur Registrierung Minderj&auml;hriger&nbsp;<a href=\"https:\/\/www.myradl.de\/de\/u18\/\">&nbsp;&rarr; <strong>U18<\/strong><\/a>.<\/p><\/p>\n                                                                <h3 class=\"h5\">AUSLEIHE<\/h3>\n                                                                <p>Scanne mit der App den QR-Code am Rad und das Rahmenschloss \u00f6ffnet sich automatisch. Die maximale Ausleihdauer pro Fahrrad betr\u00e4gt 24 Stunden.<\/p>\n                                                                <h3 class=\"h5\">PAUSIEREN<\/h3>\n                                                                <p>Fahrt pausieren, ohne die Ausleihe zu beenden? Pausiere deine Fahrt f\u00fcr maximal 12 Stunden in der App und schlie\u00dfe das Schloss. Die Ausleihe l\u00e4uft w\u00e4hrend des Pausierens weiter und wird identisch berechnet.<\/p>\n                                                                <h3 class=\"h5\">R\u00dcCKGABE<\/h3>\n                                                                <p>Stelle das Rad an einem offiziellen MyRadl-Standort (ersichtlich in der App) ab und dr\u00fccke den kleinen Hebel am Rahmenschloss nach unten. Die R\u00fcckgabe au\u00dferhalb offizieller Standorte ist nicht erlaubt und wird mit einer Servicegeb\u00fchr in H\u00f6he von 20 Euro geahndet.<\/p>\n                                    <\/div>\n            <\/div>\n                                                            <\/div>\n<\/div>[\/vc_column][\/vc_row][vc_row el_id=&#8220;tarife&#8220;][vc_column]<div class=\"nextbike tariffs\"><h2>Unsere Tarife<\/h2><div class=\"tariffs__text\"><p>Es k\u00f6nnen bis zu vier R\u00e4der gleichzeitig auf einen Account ausgeliehen werden. Abos und Sonderkonditionen gelten in der Regel nur f\u00fcr das erste Rad. Du kannst deinen Tarif ganz einfach in der App wechseln.<\/p>\n<p><a href=\"https:\/\/www.myradl.de\/de\/partner\/\"><strong>Vorteil f\u00fcr \u00d6PNV-Abo-Kund*innen<\/strong><\/a><\/p>\n<\/p><\/div><div class=\"tariffs__tabs \"><a role=\"button\" href=\"#\" class=\"tariffs__tab tariffs__tab__current\" data-tab=\"Klassisches Rad\">Klassisches Rad<\/a><a role=\"button\" href=\"#\" class=\"tariffs__tab \" data-tab=\"E-Bike\">E-Bike<\/a><a role=\"button\" href=\"#\" class=\"tariffs__tab \" data-tab=\"Abos\">Abos<\/a><\/div><div class=\"tariffs__contents\"><div class=\"tariffs__content  tariffs__content__current\" data-content=\"Klassisches Rad\"><div class=\"tariffs__content__card\">\n    <span class=\"h5\" role=\"heading\">F\u00dcR GELEGENHEITSFAHRER*INNEN<\/span>\n    <h3 class=\"h2\">Basistarif<\/h3>\n    <h4 class=\"h3\">1 \u20ac\/30 min<\/h4>\n    <p><p>Du f\u00e4hrst im Basistarif, wenn du keinen anderen Tarif gebucht hast und zahlst max. 9 Euro f\u00fcr 24 Stunden pro Ausleihe.<\/p>\n<\/p>\n<\/div>\n<div class=\"tariffs__content__card\">\n    <span class=\"h5\" role=\"heading\">f\u00fcr \u00d6PNV Abo-Kund*innen<\/span>\n    <h3 class=\"h2\">\u00d6PNV-Abo-Vorteil<\/h3>\n    <h4 class=\"h3\">0 \u20ac\/30 min<\/h4>\n    <p><p>Die ersten 30 Minuten pro Ausleihe sind kostenlos. Danach gilt der Basistarif.<\/p>\n<p><a href=\"https:\/\/www.myradl.de\/de\/partner\/\"><em>So verkn\u00fcpfst du dein \u00d6PNV-Abo<\/em><\/a><\/p>\n<p>&nbsp;<\/p>\n<\/p>\n<\/div>\n<\/div><div class=\"tariffs__content  \" data-content=\"E-Bike\"><div class=\"tariffs__content__card\">\n    <span class=\"h5\" role=\"heading\">F\u00dcR GELEGENHEITSFAHRER*INNEN<\/span>\n    <h3 class=\"h2\">Basistarif<\/h3>\n    <h4 class=\"h3\">3 \u20ac\/30 min<\/h4>\n    <p><p>Du f\u00e4hrst im Basistarif, wenn du keinen anderen Tarif gebucht hast und zahlst max. 18 Euro f\u00fcr 24 Stunden pro Ausleihe.<\/p>\n<\/p>\n<\/div>\n<div class=\"tariffs__content__card\">\n    <span class=\"h5\" role=\"heading\">f\u00fcr \u00d6PNV Abo-Kund*innen<\/span>\n    <h3 class=\"h2\">\u00d6PNV-Abo-Vorteil<\/h3>\n    <h4 class=\"h3\">1,50 \u20ac\/30 min<\/h4>\n    <p><p>Die ersten 30 Minuten pro Ausleihe sind auf 1,50 Euro reduziert. Danach gilt der Basistarif.<\/p>\n<p><a href=\"https:\/\/www.myradl.de\/de\/partner\/\"><em>So verkn\u00fcpfst du dein \u00d6PNV-Abo<\/em><\/a><\/p>\n<\/p>\n<\/div>\n<\/div><div class=\"tariffs__content  \" data-content=\"Abos\"><div class=\"tariffs__content__card\">\n    <span class=\"h5\" role=\"heading\">Fahrrad + E-bike<\/span>\n    <h3 class=\"h2\">Monats-Abo<\/h3>\n    <h4 class=\"h3\">10 \u20ac\/Monat<\/h4>\n    <p><p><strong>Klassisches Rad:<\/strong><br \/>\nDie ersten 30 Minuten pro Ausleihe sind inklusive. F\u00fcr jede weitere halbe Stunde zahlst du 1 Euro<br \/>\n(max. 9 Euro f\u00fcr 24 Stunden).<\/p>\n<p><strong>E-Bike:<\/strong><br \/>\nDie ersten 30 Minuten pro Ausleihe kosten 1,50 Euro. F\u00fcr jede weitere halbe Stunde zahlst du 3 Euro<br \/>\n(max. 18 Euro f\u00fcr 24 Stunden).<\/p>\n<\/p>\n<\/div>\n<div class=\"tariffs__content__card\">\n    <span class=\"h5\" role=\"heading\">Fahrrad + E-bike<\/span>\n    <h3 class=\"h2\">Jahres-Abo<\/h3>\n    <h4 class=\"h3\">60 \u20ac\/Jahr<\/h4>\n    <p><p><strong>Klassisches Rad:<\/strong><br \/>\nDie ersten 30 Minuten pro Ausleihe sind inklusive. F\u00fcr jede weitere halbe Stunde zahlst du 1 Euro<br \/>\n(max. 9 Euro f\u00fcr 24 Stunden).<\/p>\n<p><strong>E-Bike:<\/strong><br \/>\nDie ersten 30 Minuten pro Ausleihe kosten 1,50 Euro. F\u00fcr jede weitere halbe Stunde zahlst du 3 Euro<br \/>\n(max. 18 Euro f\u00fcr 24 Stunden).<\/p>\n<\/p>\n<\/div>\n<\/div><\/div><\/div>[\/vc_column][\/vc_row][vc_row full_width=&#8220;stretch_row_content_no_spaces&#8220; disable_element=&#8220;yes&#8220;][vc_column]<div class=\"nextbike cites\" style=\"background-image:url(https:\/\/www.myradl.de\/wp-content\/uploads\/sites\/109\/2026\/04\/Bubbles_section.svg)\";><div class=\"container\"><p>Was andere sagen<\/p><p>\u2014<\/p><div class=\"cites__container cites-slider\"><div class=\"cites__slide\">\n    <div class=\"cites__slide__cite\">Funktioniert wunderbar. Fahrtpausen sind auch kein Problem. Habe ich bei anderen Anbietern schon anders erlebt. \ud83d\udc4d\r\n<\/div>\n    <div class=\"cites__slide__author\">\n        <div class=\"cites__slide__author__name\">Johannes<\/div>\n        <div class=\"cites__slide__author__platform\">Android Nutzer<\/div>\n    <\/div>\n<\/div>\n<div class=\"cites__slide\">\n    <div class=\"cites__slide__cite\">Hab die App f\u00fcr mich entdeckt als ich f\u00fcrs Studium vom Land in die Stadt gezogen bin und mein Fahrrad nicht mitnehmen konnte. Es ist einfach schnell und unkompliziert, noch besser als ich dachte. Geile Idee!<\/div>\n    <div class=\"cites__slide__author\">\n        <div class=\"cites__slide__author__name\">Kimmy<\/div>\n        <div class=\"cites__slide__author__platform\">iOS Nutzerin<\/div>\n    <\/div>\n<\/div>\n<div class=\"cites__slide\">\n    <div class=\"cites__slide__cite\">Funktioniert hier in Innsbruck perfekt! \ud83d\udc4c\ud83c\udffb\ud83d\udc4d\ud83c\udffb Bin sowas von zufrieden. Auch mein Fehler bei der R\u00fcckgabe (Stammkunde) wurde ohne gro\u00dfe Diskussion soeben richtig gestellt. Sehr freundlicher Kundenservice - Preis super - Alles Top - weiter so und vielen Dank!<\/div>\n    <div class=\"cites__slide__author\">\n        <div class=\"cites__slide__author__name\">Renate<\/div>\n        <div class=\"cites__slide__author__platform\">Android Nutzerin<\/div>\n    <\/div>\n<\/div>\n<div class=\"cites__slide\">\n    <div class=\"cites__slide__cite\">Die ungebundene Mobilit\u00e4t in der Stadt ist spitze. Somit hat man immer einen Anschluss an die Bahn oder Bus f\u00fcr die letzten Meter.<\/div>\n    <div class=\"cites__slide__author\">\n        <div class=\"cites__slide__author__name\">Tim<\/div>\n        <div class=\"cites__slide__author__platform\">iOS Nutzer<\/div>\n    <\/div>\n<\/div>\n<\/div>\n                                <\/div>\n                            <\/div>[\/vc_column][\/vc_row][vc_row ppi_row_padding=&#8220;ppi_remove_padding_bottom&#8220; full_width=&#8220;stretch_row_content_no_spaces&#8220; el_id=&#8220;vorteile&#8220;][vc_column]<div class=\"nextbike slider\">\n            <div class=\"slider__black\">\n            <h2 class=\"h1\">Flexibel und nachhaltig unterwegs in M\u00fcnchen und der Region<\/h2>\n        <\/div>\n        <div class=\"full-width-slider\">\n                        <div class=\"slider__slide center\">\n                    <img loading=\"lazy\" decoding=\"async\" width=\"1920\" height=\"1280\" src=\"https:\/\/www.myradl.de\/wp-content\/uploads\/sites\/109\/2026\/03\/260309_My-Radl-final-MOR02120_burnedcopyright-1920x1280.jpg\" class=\"attachment-nex-max size-nex-max wp-post-image\" alt=\"Eine Frau mit Radhelm und Rucksack f\u00e4hrt l\u00e4cheln auf ihrem MyRadl Leihrad eine Stra\u00dfe entlang.\" srcset=\"https:\/\/www.myradl.de\/wp-content\/uploads\/sites\/109\/2026\/03\/260309_My-Radl-final-MOR02120_burnedcopyright-1920x1280.jpg 1920w, https:\/\/www.myradl.de\/wp-content\/uploads\/sites\/109\/2026\/03\/260309_My-Radl-final-MOR02120_burnedcopyright-300x200.jpg 300w, https:\/\/www.myradl.de\/wp-content\/uploads\/sites\/109\/2026\/03\/260309_My-Radl-final-MOR02120_burnedcopyright-1024x682.jpg 1024w, https:\/\/www.myradl.de\/wp-content\/uploads\/sites\/109\/2026\/03\/260309_My-Radl-final-MOR02120_burnedcopyright-768x512.jpg 768w, https:\/\/www.myradl.de\/wp-content\/uploads\/sites\/109\/2026\/03\/260309_My-Radl-final-MOR02120_burnedcopyright-1200x800.jpg 1200w, https:\/\/www.myradl.de\/wp-content\/uploads\/sites\/109\/2026\/03\/260309_My-Radl-final-MOR02120_burnedcopyright-992x661.jpg 992w, https:\/\/www.myradl.de\/wp-content\/uploads\/sites\/109\/2026\/03\/260309_My-Radl-final-MOR02120_burnedcopyright-480x320.jpg 480w, https:\/\/www.myradl.de\/wp-content\/uploads\/sites\/109\/2026\/03\/260309_My-Radl-final-MOR02120_burnedcopyright-210x140.jpg 210w, https:\/\/www.myradl.de\/wp-content\/uploads\/sites\/109\/2026\/03\/260309_My-Radl-final-MOR02120_burnedcopyright-150x100.jpg 150w, https:\/\/www.myradl.de\/wp-content\/uploads\/sites\/109\/2026\/03\/260309_My-Radl-final-MOR02120_burnedcopyright.jpg 2000w\" sizes=\"auto, (max-width: 1920px) 100vw, 1920px\" \/>                                            <div class=\"slider__slide__overlay\" style=\"background-color: #0000004D;\"><\/div>\n                                        <div class=\"slider__slide__inner container\">\n                        <h3 class=\"h2\">Vernetzt M\u00fcnchen und die Region<\/h3>                        <h4 class=\"h3\">Mit MyRadl bist du schnell und unabh\u00e4ngig \u00fcber kommunale Grenzen hinweg unterwegs \u2013 auch als Erg\u00e4nzung zu Bus und Bahn.<\/h4>                                            <\/div>\n                <\/div>\n                            <div class=\"slider__slide center\">\n                    <img loading=\"lazy\" decoding=\"async\" width=\"1920\" height=\"1280\" src=\"https:\/\/www.myradl.de\/wp-content\/uploads\/sites\/109\/2026\/03\/260309_My-Radl-final-MOR01582_burnedcopyright-1920x1280.jpg\" class=\"attachment-nex-max size-nex-max wp-post-image\" alt=\"Ein Mann scannt mit seinem Handy den QR-Code an einem MyRadl Leihrad, um es auszuleihen.\" srcset=\"https:\/\/www.myradl.de\/wp-content\/uploads\/sites\/109\/2026\/03\/260309_My-Radl-final-MOR01582_burnedcopyright-1920x1280.jpg 1920w, https:\/\/www.myradl.de\/wp-content\/uploads\/sites\/109\/2026\/03\/260309_My-Radl-final-MOR01582_burnedcopyright-300x200.jpg 300w, https:\/\/www.myradl.de\/wp-content\/uploads\/sites\/109\/2026\/03\/260309_My-Radl-final-MOR01582_burnedcopyright-1024x682.jpg 1024w, https:\/\/www.myradl.de\/wp-content\/uploads\/sites\/109\/2026\/03\/260309_My-Radl-final-MOR01582_burnedcopyright-768x512.jpg 768w, https:\/\/www.myradl.de\/wp-content\/uploads\/sites\/109\/2026\/03\/260309_My-Radl-final-MOR01582_burnedcopyright-1200x800.jpg 1200w, https:\/\/www.myradl.de\/wp-content\/uploads\/sites\/109\/2026\/03\/260309_My-Radl-final-MOR01582_burnedcopyright-992x661.jpg 992w, https:\/\/www.myradl.de\/wp-content\/uploads\/sites\/109\/2026\/03\/260309_My-Radl-final-MOR01582_burnedcopyright-480x320.jpg 480w, https:\/\/www.myradl.de\/wp-content\/uploads\/sites\/109\/2026\/03\/260309_My-Radl-final-MOR01582_burnedcopyright-210x140.jpg 210w, https:\/\/www.myradl.de\/wp-content\/uploads\/sites\/109\/2026\/03\/260309_My-Radl-final-MOR01582_burnedcopyright-150x100.jpg 150w, https:\/\/www.myradl.de\/wp-content\/uploads\/sites\/109\/2026\/03\/260309_My-Radl-final-MOR01582_burnedcopyright.jpg 2000w\" sizes=\"auto, (max-width: 1920px) 100vw, 1920px\" \/>                                            <div class=\"slider__slide__overlay\" style=\"background-color: #0000004D;\"><\/div>\n                                        <div class=\"slider__slide__inner container\">\n                        <h3 class=\"h2\">Dein Plus zum \u00d6PNV-Abo<\/h3>                        <h4 class=\"h3\">Mit g\u00fcltigem \u00d6PNV-Abo von MVG und MVV sind die ersten 30 Minuten pro Ausleihe kostenlos.<\/h4>                                            <\/div>\n                <\/div>\n                            <div class=\"slider__slide center\">\n                    <img loading=\"lazy\" decoding=\"async\" width=\"1920\" height=\"1280\" src=\"https:\/\/www.myradl.de\/wp-content\/uploads\/sites\/109\/2026\/03\/260309_My-Radl-final-MOR02680_burnedcopyright-1920x1280.jpg\" class=\"attachment-nex-max size-nex-max wp-post-image\" alt=\"Vier Menschen fahren mit ihren MyRadl Leihr\u00e4dern hintereinander \u00fcber eine Br\u00fccke.\" srcset=\"https:\/\/www.myradl.de\/wp-content\/uploads\/sites\/109\/2026\/03\/260309_My-Radl-final-MOR02680_burnedcopyright-1920x1280.jpg 1920w, https:\/\/www.myradl.de\/wp-content\/uploads\/sites\/109\/2026\/03\/260309_My-Radl-final-MOR02680_burnedcopyright-300x200.jpg 300w, https:\/\/www.myradl.de\/wp-content\/uploads\/sites\/109\/2026\/03\/260309_My-Radl-final-MOR02680_burnedcopyright-1024x682.jpg 1024w, https:\/\/www.myradl.de\/wp-content\/uploads\/sites\/109\/2026\/03\/260309_My-Radl-final-MOR02680_burnedcopyright-768x512.jpg 768w, https:\/\/www.myradl.de\/wp-content\/uploads\/sites\/109\/2026\/03\/260309_My-Radl-final-MOR02680_burnedcopyright-1200x800.jpg 1200w, https:\/\/www.myradl.de\/wp-content\/uploads\/sites\/109\/2026\/03\/260309_My-Radl-final-MOR02680_burnedcopyright-992x661.jpg 992w, https:\/\/www.myradl.de\/wp-content\/uploads\/sites\/109\/2026\/03\/260309_My-Radl-final-MOR02680_burnedcopyright-480x320.jpg 480w, https:\/\/www.myradl.de\/wp-content\/uploads\/sites\/109\/2026\/03\/260309_My-Radl-final-MOR02680_burnedcopyright-210x140.jpg 210w, https:\/\/www.myradl.de\/wp-content\/uploads\/sites\/109\/2026\/03\/260309_My-Radl-final-MOR02680_burnedcopyright-150x100.jpg 150w, https:\/\/www.myradl.de\/wp-content\/uploads\/sites\/109\/2026\/03\/260309_My-Radl-final-MOR02680_burnedcopyright.jpg 2000w\" sizes=\"auto, (max-width: 1920px) 100vw, 1920px\" \/>                                            <div class=\"slider__slide__overlay\" style=\"background-color: #0000004D;\"><\/div>\n                                        <div class=\"slider__slide__inner container\">\n                        <h3 class=\"h2\">Dein Ausflug. MyRadl.<\/h3>                        <h4 class=\"h3\">Plant eure gemeinsame Tour, leiht euch mehrere Fahrr\u00e4der \u00fcber einen Account und erlebt M\u00fcnchen und die Region \u2013 ganze ohne Stau und Parkplatzsuche.<\/h4>                                            <\/div>\n                <\/div>\n                            <div class=\"slider__slide center\">\n                    <img loading=\"lazy\" decoding=\"async\" width=\"1920\" height=\"1280\" src=\"https:\/\/www.myradl.de\/wp-content\/uploads\/sites\/109\/2026\/03\/260309_My-Radl-final-MOR01523_burnedcopyright-1920x1280.jpg\" class=\"attachment-nex-max size-nex-max wp-post-image\" alt=\"Frau mit rosa Blaser steht mit einem MyRadl Leihrad an einer Kreuzung auf dem Gehweg.\" srcset=\"https:\/\/www.myradl.de\/wp-content\/uploads\/sites\/109\/2026\/03\/260309_My-Radl-final-MOR01523_burnedcopyright-1920x1280.jpg 1920w, https:\/\/www.myradl.de\/wp-content\/uploads\/sites\/109\/2026\/03\/260309_My-Radl-final-MOR01523_burnedcopyright-300x200.jpg 300w, https:\/\/www.myradl.de\/wp-content\/uploads\/sites\/109\/2026\/03\/260309_My-Radl-final-MOR01523_burnedcopyright-1024x682.jpg 1024w, https:\/\/www.myradl.de\/wp-content\/uploads\/sites\/109\/2026\/03\/260309_My-Radl-final-MOR01523_burnedcopyright-768x512.jpg 768w, https:\/\/www.myradl.de\/wp-content\/uploads\/sites\/109\/2026\/03\/260309_My-Radl-final-MOR01523_burnedcopyright-1200x800.jpg 1200w, https:\/\/www.myradl.de\/wp-content\/uploads\/sites\/109\/2026\/03\/260309_My-Radl-final-MOR01523_burnedcopyright-992x661.jpg 992w, https:\/\/www.myradl.de\/wp-content\/uploads\/sites\/109\/2026\/03\/260309_My-Radl-final-MOR01523_burnedcopyright-480x320.jpg 480w, https:\/\/www.myradl.de\/wp-content\/uploads\/sites\/109\/2026\/03\/260309_My-Radl-final-MOR01523_burnedcopyright-210x140.jpg 210w, https:\/\/www.myradl.de\/wp-content\/uploads\/sites\/109\/2026\/03\/260309_My-Radl-final-MOR01523_burnedcopyright-150x100.jpg 150w, https:\/\/www.myradl.de\/wp-content\/uploads\/sites\/109\/2026\/03\/260309_My-Radl-final-MOR01523_burnedcopyright.jpg 2000w\" sizes=\"auto, (max-width: 1920px) 100vw, 1920px\" \/>                                            <div class=\"slider__slide__overlay\" style=\"background-color: #0000004D;\"><\/div>\n                                        <div class=\"slider__slide__inner container\">\n                        <h3 class=\"h2\">Wenn der Tag anders l\u00e4uft als geplant<\/h3>                        <h4 class=\"h3\">Spontan noch Bewegung nach der Arbeit oder Wetterumschwung? Mit MyRadl kannst du deine Fahrt auch flexibel als One-Way-Trip gestalten. <\/h4>                                            <\/div>\n                <\/div>\n                            <div class=\"slider__slide center\">\n                    <img loading=\"lazy\" decoding=\"async\" width=\"1920\" height=\"1280\" src=\"https:\/\/www.myradl.de\/wp-content\/uploads\/sites\/109\/2026\/03\/260309_My-Radl-final-MOR09743_burnedcopyright-1920x1280.jpg\" class=\"attachment-nex-max size-nex-max wp-post-image\" alt=\"\" srcset=\"https:\/\/www.myradl.de\/wp-content\/uploads\/sites\/109\/2026\/03\/260309_My-Radl-final-MOR09743_burnedcopyright-1920x1280.jpg 1920w, https:\/\/www.myradl.de\/wp-content\/uploads\/sites\/109\/2026\/03\/260309_My-Radl-final-MOR09743_burnedcopyright-300x200.jpg 300w, https:\/\/www.myradl.de\/wp-content\/uploads\/sites\/109\/2026\/03\/260309_My-Radl-final-MOR09743_burnedcopyright-1024x682.jpg 1024w, https:\/\/www.myradl.de\/wp-content\/uploads\/sites\/109\/2026\/03\/260309_My-Radl-final-MOR09743_burnedcopyright-768x512.jpg 768w, https:\/\/www.myradl.de\/wp-content\/uploads\/sites\/109\/2026\/03\/260309_My-Radl-final-MOR09743_burnedcopyright-1200x800.jpg 1200w, https:\/\/www.myradl.de\/wp-content\/uploads\/sites\/109\/2026\/03\/260309_My-Radl-final-MOR09743_burnedcopyright-992x661.jpg 992w, https:\/\/www.myradl.de\/wp-content\/uploads\/sites\/109\/2026\/03\/260309_My-Radl-final-MOR09743_burnedcopyright-480x320.jpg 480w, https:\/\/www.myradl.de\/wp-content\/uploads\/sites\/109\/2026\/03\/260309_My-Radl-final-MOR09743_burnedcopyright-210x140.jpg 210w, https:\/\/www.myradl.de\/wp-content\/uploads\/sites\/109\/2026\/03\/260309_My-Radl-final-MOR09743_burnedcopyright-150x100.jpg 150w, https:\/\/www.myradl.de\/wp-content\/uploads\/sites\/109\/2026\/03\/260309_My-Radl-final-MOR09743_burnedcopyright.jpg 2000w\" sizes=\"auto, (max-width: 1920px) 100vw, 1920px\" \/>                                            <div class=\"slider__slide__overlay\" style=\"background-color: #0000004D;\"><\/div>\n                                        <div class=\"slider__slide__inner container\">\n                        <h3 class=\"h2\">Pendeln ohne Fahrplanstress<\/h3>                        <h4 class=\"h3\">Wenn die Fahrpl\u00e4ne von Bus und Bahn gerade nicht passen, steig einfach auf MyRadl um \u2013 24\/7 verf\u00fcgbar und \u00fcber kommunale Grenzen hinweg nutzbar. <\/h4>                                            <\/div>\n                <\/div>\n                <\/div>\n<\/div>\n[\/vc_column][\/vc_row][vc_row ppi_row_padding=&#8220;ppi_remove_padding_top,ppi_remove_padding_bottom&#8220;][vc_column width=&#8220;1\/6&#8243;][\/vc_column][vc_column width=&#8220;2\/6&#8243;][vc_column_text css=&#8220;&#8220;]F\u00fcr das regionale Bikesharing-System MyRadl sind die<strong> <a href=\"https:\/\/www.myradl.de\/de\/projektpartner\/\"><span style=\"color: #1e0a8c;\">Auftraggeber<\/span><\/a><\/strong> die Landeshauptstadt M\u00fcnchen, der Landkreis F\u00fcrstenfeldbruck und 36 weitere St\u00e4dte, M\u00e4rkte und Gemeinden.[\/vc_column_text][\/vc_column][vc_column width=&#8220;1\/6&#8243;][vc_column_text css=&#8220;&#8220;]<\/p>\n<p style=\"text-align: left;\">Im Landkreis F\u00fcrstenfeldbruck und in der NordAllianz:<\/p>\n<p>[\/vc_column_text][\/vc_column][vc_column width=&#8220;2\/6&#8243;][vc_single_image image=&#8220;549&#8243; img_size=&#8220;full&#8220; css=&#8220;.vc_custom_1773744768339{margin-top: -10px !important;}&#8220;][\/vc_column][\/vc_row]<\/p>\n<\/div>","protected":false},"excerpt":{"rendered":"<p>[vc_row ppi_row_padding=&#8220;ppi_remove_padding_top,ppi_remove_padding_bottom&#8220; full_width=&#8220;stretch_row_content_no_spaces&#8220; el_class=&#8220;stage-row&#8220;][vc_column][\/vc_column][\/vc_row][vc_row ppi_row_padding=&#8220;ppi_remove_padding_top&#8220; css=&#8220;.vc_custom_1772031131695{margin-top: 20px !important;}&#8220;][vc_column][\/vc_column][\/vc_row][vc_row ppi_row_type=&#8220;ppi_bg_grey&#8220; full_width=&#8220;stretch_row&#8220; el_id=&#8220;so-gehts&#8220;][vc_column][\/vc_column][\/vc_row][vc_row el_id=&#8220;tarife&#8220;][vc_column][\/vc_column][\/vc_row][vc_row full_width=&#8220;stretch_row_content_no_spaces&#8220; disable_element=&#8220;yes&#8220;][vc_column][\/vc_column][\/vc_row][vc_row ppi_row_padding=&#8220;ppi_remove_padding_bottom&#8220; full_width=&#8220;stretch_row_content_no_spaces&#8220; el_id=&#8220;vorteile&#8220;][vc_column][\/vc_column][\/vc_row][vc_row ppi_row_padding=&#8220;ppi_remove_padding_top,ppi_remove_padding_bottom&#8220;][vc_column width=&#8220;1\/6&#8243;][\/vc_column][vc_column width=&#8220;2\/6&#8243;][vc_column_text css=&#8220;&#8220;]F\u00fcr das regionale Bikesharing-System MyRadl sind die Auftraggeber die Landeshauptstadt M\u00fcnchen, der Landkreis F\u00fcrstenfeldbruck und 36 weitere St\u00e4dte, M\u00e4rkte und Gemeinden.[\/vc_column_text][\/vc_column][vc_column width=&#8220;1\/6&#8243;][vc_column_text css=&#8220;&#8220;] Im Landkreis F\u00fcrstenfeldbruck und in der NordAllianz: [\/vc_column_text][\/vc_column][vc_column width=&#8220;2\/6&#8243;][vc_single_image image=&#8220;549&#8243; img_size=&#8220;full&#8220; css=&#8220;.vc_custom_1773744768339{margin-top: [&hellip;]<\/p>\n","protected":false},"author":5,"featured_media":0,"parent":0,"menu_order":0,"comment_status":"closed","ping_status":"closed","template":"","meta":{"_acf_changed":false,"inline_featured_image":false,"footnotes":""},"class_list":["post-4","page","type-page","status-publish","hentry"],"acf":[],"yoast_head":"<!-- This site is optimized with the Yoast SEO plugin v27.2 - https:\/\/yoast.com\/product\/yoast-seo-wordpress\/ -->\n<title>MyRadl | Offizielles Bike-Sharing in M\u00fcnchen und der Region<\/title>\n<meta name=\"description\" content=\"Leih dir ein Fahrrad oder E-Bike, egal ob f\u00fcr 30 Minuten oder den ganzen Tag. Das n\u00e4chste Rad ist immer in deiner N\u00e4he. Jetzt registrieren.\" \/>\n<meta name=\"robots\" content=\"index, follow, max-snippet:-1, max-image-preview:large, max-video-preview:-1\" \/>\n<link rel=\"canonical\" href=\"https:\/\/www.myradl.de\/de\/\" \/>\n<meta property=\"og:locale\" content=\"de_DE\" \/>\n<meta property=\"og:type\" content=\"article\" \/>\n<meta property=\"og:title\" content=\"MyRadl | Offizielles Bike-Sharing in M\u00fcnchen und der Region\" \/>\n<meta property=\"og:description\" content=\"Leih dir ein Fahrrad oder E-Bike, egal ob f\u00fcr 30 Minuten oder den ganzen Tag. Das n\u00e4chste Rad ist immer in deiner N\u00e4he. Jetzt registrieren.\" \/>\n<meta property=\"og:url\" content=\"https:\/\/www.myradl.de\/de\/\" \/>\n<meta property=\"og:site_name\" content=\"Myradl - M\u00fcnchen\" \/>\n<meta property=\"article:modified_time\" content=\"2026-03-26T12:54:00+00:00\" \/>\n<meta name=\"twitter:card\" content=\"summary_large_image\" \/>\n<meta name=\"twitter:label1\" content=\"Gesch\u00e4tzte Lesezeit\" \/>\n\t<meta name=\"twitter:data1\" content=\"1\u00a0Minute\" \/>\n<script type=\"application\/ld+json\" class=\"yoast-schema-graph\">{\"@context\":\"https:\/\/schema.org\",\"@graph\":[{\"@type\":\"WebPage\",\"@id\":\"https:\/\/www.myradl.de\/de\/\",\"url\":\"https:\/\/www.myradl.de\/de\/\",\"name\":\"MyRadl | Offizielles Bike-Sharing in M\u00fcnchen und der Region\",\"isPartOf\":{\"@id\":\"https:\/\/www.myradl.de\/de\/#website\"},\"datePublished\":\"2022-08-11T10:13:00+00:00\",\"dateModified\":\"2026-03-26T12:54:00+00:00\",\"description\":\"Leih dir ein Fahrrad oder E-Bike, egal ob f\u00fcr 30 Minuten oder den ganzen Tag. Das n\u00e4chste Rad ist immer in deiner N\u00e4he. Jetzt registrieren.\",\"breadcrumb\":{\"@id\":\"https:\/\/www.myradl.de\/de\/#breadcrumb\"},\"inLanguage\":\"de\",\"potentialAction\":[{\"@type\":\"ReadAction\",\"target\":[\"https:\/\/www.myradl.de\/de\/\"]}]},{\"@type\":\"BreadcrumbList\",\"@id\":\"https:\/\/www.myradl.de\/de\/#breadcrumb\",\"itemListElement\":[{\"@type\":\"ListItem\",\"position\":1,\"name\":\"Startseite\",\"item\":\"https:\/\/www.myradl.de\/de\/\"},{\"@type\":\"ListItem\",\"position\":2,\"name\":\"Startseite\"}]},{\"@type\":\"WebSite\",\"@id\":\"https:\/\/www.myradl.de\/de\/#website\",\"url\":\"https:\/\/www.myradl.de\/de\/\",\"name\":\"Myradl - M\u00fcnchen\",\"description\":\"Bike Sharing by nextbike\",\"potentialAction\":[{\"@type\":\"SearchAction\",\"target\":{\"@type\":\"EntryPoint\",\"urlTemplate\":\"https:\/\/www.myradl.de\/de\/?s={search_term_string}\"},\"query-input\":{\"@type\":\"PropertyValueSpecification\",\"valueRequired\":true,\"valueName\":\"search_term_string\"}}],\"inLanguage\":\"de\"}]}<\/script>\n<!-- \/ Yoast SEO plugin. -->","yoast_head_json":{"title":"MyRadl | Offizielles Bike-Sharing in M\u00fcnchen und der Region","description":"Leih dir ein Fahrrad oder E-Bike, egal ob f\u00fcr 30 Minuten oder den ganzen Tag. Das n\u00e4chste Rad ist immer in deiner N\u00e4he. Jetzt registrieren.","robots":{"index":"index","follow":"follow","max-snippet":"max-snippet:-1","max-image-preview":"max-image-preview:large","max-video-preview":"max-video-preview:-1"},"canonical":"https:\/\/www.myradl.de\/de\/","og_locale":"de_DE","og_type":"article","og_title":"MyRadl | Offizielles Bike-Sharing in M\u00fcnchen und der Region","og_description":"Leih dir ein Fahrrad oder E-Bike, egal ob f\u00fcr 30 Minuten oder den ganzen Tag. Das n\u00e4chste Rad ist immer in deiner N\u00e4he. Jetzt registrieren.","og_url":"https:\/\/www.myradl.de\/de\/","og_site_name":"Myradl - M\u00fcnchen","article_modified_time":"2026-03-26T12:54:00+00:00","twitter_card":"summary_large_image","twitter_misc":{"Gesch\u00e4tzte Lesezeit":"1\u00a0Minute"},"schema":{"@context":"https:\/\/schema.org","@graph":[{"@type":"WebPage","@id":"https:\/\/www.myradl.de\/de\/","url":"https:\/\/www.myradl.de\/de\/","name":"MyRadl | Offizielles Bike-Sharing in M\u00fcnchen und der Region","isPartOf":{"@id":"https:\/\/www.myradl.de\/de\/#website"},"datePublished":"2022-08-11T10:13:00+00:00","dateModified":"2026-03-26T12:54:00+00:00","description":"Leih dir ein Fahrrad oder E-Bike, egal ob f\u00fcr 30 Minuten oder den ganzen Tag. Das n\u00e4chste Rad ist immer in deiner N\u00e4he. Jetzt registrieren.","breadcrumb":{"@id":"https:\/\/www.myradl.de\/de\/#breadcrumb"},"inLanguage":"de","potentialAction":[{"@type":"ReadAction","target":["https:\/\/www.myradl.de\/de\/"]}]},{"@type":"BreadcrumbList","@id":"https:\/\/www.myradl.de\/de\/#breadcrumb","itemListElement":[{"@type":"ListItem","position":1,"name":"Startseite","item":"https:\/\/www.myradl.de\/de\/"},{"@type":"ListItem","position":2,"name":"Startseite"}]},{"@type":"WebSite","@id":"https:\/\/www.myradl.de\/de\/#website","url":"https:\/\/www.myradl.de\/de\/","name":"Myradl - M\u00fcnchen","description":"Bike Sharing by nextbike","potentialAction":[{"@type":"SearchAction","target":{"@type":"EntryPoint","urlTemplate":"https:\/\/www.myradl.de\/de\/?s={search_term_string}"},"query-input":{"@type":"PropertyValueSpecification","valueRequired":true,"valueName":"search_term_string"}}],"inLanguage":"de"}]}},"_links":{"self":[{"href":"https:\/\/www.myradl.de\/de\/wp-json\/wp\/v2\/pages\/4","targetHints":{"allow":["GET"]}}],"collection":[{"href":"https:\/\/www.myradl.de\/de\/wp-json\/wp\/v2\/pages"}],"about":[{"href":"https:\/\/www.myradl.de\/de\/wp-json\/wp\/v2\/types\/page"}],"author":[{"embeddable":true,"href":"https:\/\/www.myradl.de\/de\/wp-json\/wp\/v2\/users\/5"}],"replies":[{"embeddable":true,"href":"https:\/\/www.myradl.de\/de\/wp-json\/wp\/v2\/comments?post=4"}],"version-history":[{"count":22,"href":"https:\/\/www.myradl.de\/de\/wp-json\/wp\/v2\/pages\/4\/revisions"}],"predecessor-version":[{"id":703,"href":"https:\/\/www.myradl.de\/de\/wp-json\/wp\/v2\/pages\/4\/revisions\/703"}],"wp:attachment":[{"href":"https:\/\/www.myradl.de\/de\/wp-json\/wp\/v2\/media?parent=4"}],"curies":[{"name":"wp","href":"https:\/\/api.w.org\/{rel}","templated":true}]}}