{"id":731,"date":"2026-04-01T09:16:07","date_gmt":"2026-04-01T07:16:07","guid":{"rendered":"https:\/\/nextbike-live.pluspol-networks.de\/myradl\/?page_id=731"},"modified":"2026-04-21T09:15:11","modified_gmt":"2026-04-21T07:15:11","slug":"partner","status":"publish","type":"page","link":"https:\/\/www.myradl.de\/de\/partner\/","title":{"rendered":"Partner"},"content":{"rendered":"<div class=\"wpb-content-wrapper\"><p>[vc_row][vc_column][vc_column_text css=&#8220;&#8220;]<\/p>\n<h1 style=\"text-align: center;\">Partner<\/h1>\n<h4 style=\"text-align: center;\"><strong>\u00d6PNV-Abo-Vorteil<\/strong><\/h4>\n<p>[\/vc_column_text][\/vc_column][\/vc_row][vc_row ppi_row_padding=&#8220;ppi_remove_padding_top&#8220;][vc_column width=&#8220;1\/6&#8243;][vc_icon icon_fontawesome=&#8220;fa fa-solid fa-ticket&#8220; color=&#8220;custom&#8220; size=&#8220;lg&#8220; css=&#8220;&#8220; custom_color=&#8220;#0065CC&#8220;][\/vc_column][vc_column width=&#8220;5\/6&#8243;][vc_tta_accordion active_section=&#8220;1&#8243; title=&#8220;G\u00fcltigkeit&#8220;][vc_tta_section title=&#8220;Verg\u00fcnstigungsberechtigte Abos&#8220; tab_id=&#8220;institutionen7581-60cb108b-8027&#8243;][vc_column_text css=&#8220;&#8220;]Alle, die ihr Deutschland-Ticket direkt <strong>in der MVV-App erworben<\/strong> haben, oder als Studierender der Hochschule Landshut ein erm\u00e4\u00dfigtes Deutschland-Ticket vom MVV besitzen, oder eines der folgenden Abos im <strong>MVG Kundenportal<\/strong> erworben haben: D-Ticket, D-Ticket Erm\u00e4\u00dfigungsticket f\u00fcr Azubis und Studierende, D-Ticket Job, MVV Abo, MVV Abo 9 Uhr, MVV Abo 65 oder MVV Abo Job.[\/vc_column_text][\/vc_tta_section][\/vc_tta_accordion][\/vc_column][\/vc_row][vc_row ppi_row_padding=&#8220;ppi_remove_padding_top&#8220;][vc_column width=&#8220;1\/6&#8243;][vc_icon icon_fontawesome=&#8220;fa fa-solid fa-link&#8220; color=&#8220;custom&#8220; size=&#8220;lg&#8220; css=&#8220;&#8220; custom_color=&#8220;#0065CC&#8220;][\/vc_column][vc_column width=&#8220;5\/6&#8243;][vc_tta_accordion active_section=&#8220;1&#8243; title=&#8220;Verkn\u00fcpfung&#8220;][vc_tta_section title=&#8220;So geht&#8217;s&#8220; tab_id=&#8220;1775745645223-2d4c3b18-5cd5&#8243;][vc_column_text css=&#8220;&#8220;]Verkn\u00fcpfe dein MVV-D-Ticket, MVV Abo oder dein MVG-D-Ticket in der nextbike App. \u00d6ffne das Wallet und w\u00e4hle dein \u00d6PNV Ticket aus. Gib deine Abonummer und dein Geburtsdatum ein. Schon radelst du bei dieser und folgenden Ausleihen 30 Minuten kostenlos.<\/p>\n<p>\u00dcbrigens kannst du deine \u00d6PNV-Verg\u00fcnstigungen auch in der MVV-App oder der MVGO hinterlegen. Bitte beachte, dass dein Abo ausschlie\u00dflich in einer der Apps verkn\u00fcpft werden kann.[\/vc_column_text][\/vc_tta_section][\/vc_tta_accordion][\/vc_column][\/vc_row][vc_row ppi_row_padding=&#8220;ppi_remove_padding_top&#8220;][vc_column width=&#8220;1\/6&#8243;][vc_icon icon_fontawesome=&#8220;fa fa-solid fa-tags&#8220; color=&#8220;custom&#8220; size=&#8220;lg&#8220; css=&#8220;&#8220; custom_color=&#8220;#0065CC&#8220;][\/vc_column][vc_column width=&#8220;5\/6&#8243;][vc_tta_accordion active_section=&#8220;1&#8243; title=&#8220;Konditionen&#8220;][vc_tta_section title=&#8220;Genie\u00dfe Freiminuten&#8220; tab_id=&#8220;institutionen1bd3-bd61108b-8027&#8243;][vc_column_text css=&#8220;&#8220;]<strong>Klassische Fahrr\u00e4der<\/strong><\/p>\n<p>Bei jeder Ausleihe im MyRadl-System sind die ersten 30 Minuten inklusive. Danach gilt der Basistarif. Bei mehreren parallelen Ausleihen gilt die Verg\u00fcnstigung nur f\u00fcr das erste Rad. Weitere R\u00e4der werden im Basistarif abgerechnet.<\/p>\n<p><strong>E-Bikes<\/strong><\/p>\n<p>Bei jeder Ausleihe im MyRadl-System sind die ersten 30 Minuten auf 1,50 Euro reduziert. Danach gilt der Basistarif. Bei mehreren parallelen Ausleihen gilt die Verg\u00fcnstigung nur f\u00fcr das erste Rad. Weitere R\u00e4der werden im Basistarif abgerechnet.[\/vc_column_text][\/vc_tta_section][\/vc_tta_accordion][\/vc_column][\/vc_row][vc_row ppi_row_padding=&#8220;ppi_remove_padding_top&#8220; disable_element=&#8220;yes&#8220;][vc_column width=&#8220;1\/6&#8243;][vc_icon icon_fontawesome=&#8220;fas fa-city&#8220; color=&#8220;custom&#8220; size=&#8220;lg&#8220; custom_color=&#8220;#e30613&#8243;][\/vc_column][vc_column width=&#8220;5\/6&#8243;][vc_tta_accordion active_section=&#8220;0&#8243; collapsible_all=&#8220;true&#8220; title=&#8220;Verg\u00fcstigungen in anderen VRS-St\u00e4dten und -Gemeinden&#8220;][vc_tta_section title=&#8220;Wo gibt&#8217;s noch Freiminuten?&#8220; tab_id=&#8220;1698314500215-4975e639-d5dc108b-8027&#8243;][vc_column_text]Einmal verkn\u00fcpft, genie\u00dft du auch in diesen St\u00e4dten Vorteile. Details zu den Sonderkonditionen k\u00f6nnen der jeweiligen Webseite entnommen werden:<\/p>\n<ul>\n<li><a href=\"https:\/\/www.nextbike.de\/bonn\/de\" target=\"_blank\" rel=\"noopener noreferrer\">nextbike Bonn<\/a><\/li>\n<li><a href=\"https:\/\/www.wupsirad.de\/leverkusen\/de\" target=\"_blank\" rel=\"noopener noreferrer\">wupsiRad Leverkusen<\/a><\/li>\n<li><a href=\"https:\/\/www.nextbike.de\/rvk\/de\" target=\"_blank\" rel=\"noopener noreferrer\">RVK e-Bike<\/a><\/li>\n<li><a href=\"https:\/\/www.nextbike.de\/bergisches-ebike\/de\" target=\"_blank\" rel=\"noopener noreferrer\">Bergisches E-Bike<\/a><\/li>\n<li><a href=\"https:\/\/www.nextbike.de\/rsvg\/de\/\" target=\"_blank\" rel=\"noopener noreferrer\">RSVG-Bike<\/a><\/li>\n<li><a href=\"https:\/\/revg.de\/mobic.html\">mobic<\/a><\/li>\n<\/ul>\n<p>[\/vc_column_text][\/vc_tta_section][\/vc_tta_accordion][\/vc_column][\/vc_row][vc_row ppi_row_padding=&#8220;ppi_remove_padding_top&#8220; disable_element=&#8220;yes&#8220;][vc_column width=&#8220;1\/6&#8243;][vc_icon icon_fontawesome=&#8220;fas fa-certificate&#8220; color=&#8220;custom&#8220; size=&#8220;lg&#8220; custom_color=&#8220;#e30613&#8243;][\/vc_column][vc_column width=&#8220;5\/6&#8243;][vc_tta_accordion active_section=&#8220;0&#8243; collapsible_all=&#8220;true&#8220; title=&#8220;G\u00fcltigkeit&#8220;][vc_tta_section title=&#8220;Wie lange gelten die Sonderkonditionen?&#8220; tab_id=&#8220;1698314622760-9dd67ea5-c2fb108b-8027&#8243;][vc_column_text]<\/p>\n<div class=\"col-xs-12 col-sm-12 col-md-4 small-padding-md\">\n<div class=\"row\">\n<div class=\"col-xs-12 col-sm-12 text-center\">\n<p style=\"text-align: left;\">Die Verg\u00fcnstigungen gelten f\u00fcr alle VRS-Chipkarten-Inhaber*innen ab dem Alter von 16 Jahren.<\/p>\n<\/div>\n<\/div>\n<\/div>\n<div class=\"col-xs-12 col-sm-12 col-md-4 small-padding-md\">\n<div class=\"row\">\n<div class=\"col-xs-12 col-sm-12 text-center\">\n<p style=\"text-align: left;\">Neue VRS-Chipkarte erhalten? Bitte hinterlege die aktuelle Karte erneut in deinem Kundenkonto, um weiterhin von den Sonderkonditionen zu profitieren.<\/p>\n<\/div>\n<\/div>\n<\/div>\n<p>[\/vc_column_text][\/vc_tta_section][\/vc_tta_accordion][\/vc_column][\/vc_row]<\/p>\n<\/div>","protected":false},"excerpt":{"rendered":"<p>[vc_row][vc_column][vc_column_text css=&#8220;&#8220;] Partner \u00d6PNV-Abo-Vorteil [\/vc_column_text][\/vc_column][\/vc_row][vc_row ppi_row_padding=&#8220;ppi_remove_padding_top&#8220;][vc_column width=&#8220;1\/6&#8243;][vc_icon icon_fontawesome=&#8220;fa fa-solid fa-ticket&#8220; color=&#8220;custom&#8220; size=&#8220;lg&#8220; css=&#8220;&#8220; custom_color=&#8220;#0065CC&#8220;][\/vc_column][vc_column width=&#8220;5\/6&#8243;][vc_tta_accordion active_section=&#8220;1&#8243; title=&#8220;G\u00fcltigkeit&#8220;][vc_tta_section title=&#8220;Verg\u00fcnstigungsberechtigte Abos&#8220; tab_id=&#8220;institutionen7581-60cb108b-8027&#8243;][vc_column_text css=&#8220;&#8220;]Alle, die ihr Deutschland-Ticket direkt in der MVV-App erworben haben, oder als Studierender der Hochschule Landshut ein erm\u00e4\u00dfigtes Deutschland-Ticket vom MVV besitzen, oder eines der folgenden Abos im MVG Kundenportal erworben haben: D-Ticket, D-Ticket Erm\u00e4\u00dfigungsticket [&hellip;]<\/p>\n","protected":false},"author":13,"featured_media":0,"parent":0,"menu_order":0,"comment_status":"closed","ping_status":"closed","template":"page-bubble.php","meta":{"_acf_changed":false,"inline_featured_image":false,"footnotes":""},"class_list":["post-731","page","type-page","status-publish","hentry"],"acf":[],"yoast_head":"<!-- This site is optimized with the Yoast SEO plugin v27.2 - https:\/\/yoast.com\/product\/yoast-seo-wordpress\/ -->\n<title>Partner - Myradl - M\u00fcnchen<\/title>\n<meta name=\"description\" content=\"Alle mit einem MVV-D-Ticket, einem MVV Abo oder einem MVG-D-Ticketradeln g\u00fcnstiger\" \/>\n<meta name=\"robots\" content=\"index, follow, max-snippet:-1, max-image-preview:large, max-video-preview:-1\" \/>\n<link rel=\"canonical\" href=\"https:\/\/www.myradl.de\/de\/partner\/\" \/>\n<meta property=\"og:locale\" content=\"de_DE\" \/>\n<meta property=\"og:type\" content=\"article\" \/>\n<meta property=\"og:title\" content=\"Partner - Myradl - M\u00fcnchen\" \/>\n<meta property=\"og:description\" content=\"Alle mit einem MVV-D-Ticket, einem MVV Abo oder einem MVG-D-Ticketradeln g\u00fcnstiger\" \/>\n<meta property=\"og:url\" content=\"https:\/\/www.myradl.de\/de\/partner\/\" \/>\n<meta property=\"og:site_name\" content=\"Myradl - M\u00fcnchen\" \/>\n<meta property=\"article:modified_time\" content=\"2026-04-21T07:15:11+00:00\" \/>\n<meta name=\"twitter:card\" content=\"summary_large_image\" \/>\n<meta name=\"twitter:label1\" content=\"Gesch\u00e4tzte Lesezeit\" \/>\n\t<meta name=\"twitter:data1\" content=\"3\u00a0Minuten\" \/>\n<script type=\"application\/ld+json\" class=\"yoast-schema-graph\">{\"@context\":\"https:\/\/schema.org\",\"@graph\":[{\"@type\":\"WebPage\",\"@id\":\"https:\/\/www.myradl.de\/de\/partner\/\",\"url\":\"https:\/\/www.myradl.de\/de\/partner\/\",\"name\":\"Partner - Myradl - M\u00fcnchen\",\"isPartOf\":{\"@id\":\"https:\/\/www.myradl.de\/de\/#website\"},\"datePublished\":\"2026-04-01T07:16:07+00:00\",\"dateModified\":\"2026-04-21T07:15:11+00:00\",\"description\":\"Alle mit einem MVV-D-Ticket, einem MVV Abo oder einem MVG-D-Ticketradeln g\u00fcnstiger\",\"breadcrumb\":{\"@id\":\"https:\/\/www.myradl.de\/de\/partner\/#breadcrumb\"},\"inLanguage\":\"de\",\"potentialAction\":[{\"@type\":\"ReadAction\",\"target\":[\"https:\/\/www.myradl.de\/de\/partner\/\"]}]},{\"@type\":\"BreadcrumbList\",\"@id\":\"https:\/\/www.myradl.de\/de\/partner\/#breadcrumb\",\"itemListElement\":[{\"@type\":\"ListItem\",\"position\":1,\"name\":\"Startseite\",\"item\":\"https:\/\/www.myradl.de\/de\/\"},{\"@type\":\"ListItem\",\"position\":2,\"name\":\"Partner\"}]},{\"@type\":\"WebSite\",\"@id\":\"https:\/\/www.myradl.de\/de\/#website\",\"url\":\"https:\/\/www.myradl.de\/de\/\",\"name\":\"Myradl - M\u00fcnchen\",\"description\":\"Bike Sharing by nextbike\",\"potentialAction\":[{\"@type\":\"SearchAction\",\"target\":{\"@type\":\"EntryPoint\",\"urlTemplate\":\"https:\/\/www.myradl.de\/de\/?s={search_term_string}\"},\"query-input\":{\"@type\":\"PropertyValueSpecification\",\"valueRequired\":true,\"valueName\":\"search_term_string\"}}],\"inLanguage\":\"de\"}]}<\/script>\n<!-- \/ Yoast SEO plugin. -->","yoast_head_json":{"title":"Partner - Myradl - M\u00fcnchen","description":"Alle mit einem MVV-D-Ticket, einem MVV Abo oder einem MVG-D-Ticketradeln g\u00fcnstiger","robots":{"index":"index","follow":"follow","max-snippet":"max-snippet:-1","max-image-preview":"max-image-preview:large","max-video-preview":"max-video-preview:-1"},"canonical":"https:\/\/www.myradl.de\/de\/partner\/","og_locale":"de_DE","og_type":"article","og_title":"Partner - Myradl - M\u00fcnchen","og_description":"Alle mit einem MVV-D-Ticket, einem MVV Abo oder einem MVG-D-Ticketradeln g\u00fcnstiger","og_url":"https:\/\/www.myradl.de\/de\/partner\/","og_site_name":"Myradl - M\u00fcnchen","article_modified_time":"2026-04-21T07:15:11+00:00","twitter_card":"summary_large_image","twitter_misc":{"Gesch\u00e4tzte Lesezeit":"3\u00a0Minuten"},"schema":{"@context":"https:\/\/schema.org","@graph":[{"@type":"WebPage","@id":"https:\/\/www.myradl.de\/de\/partner\/","url":"https:\/\/www.myradl.de\/de\/partner\/","name":"Partner - Myradl - M\u00fcnchen","isPartOf":{"@id":"https:\/\/www.myradl.de\/de\/#website"},"datePublished":"2026-04-01T07:16:07+00:00","dateModified":"2026-04-21T07:15:11+00:00","description":"Alle mit einem MVV-D-Ticket, einem MVV Abo oder einem MVG-D-Ticketradeln g\u00fcnstiger","breadcrumb":{"@id":"https:\/\/www.myradl.de\/de\/partner\/#breadcrumb"},"inLanguage":"de","potentialAction":[{"@type":"ReadAction","target":["https:\/\/www.myradl.de\/de\/partner\/"]}]},{"@type":"BreadcrumbList","@id":"https:\/\/www.myradl.de\/de\/partner\/#breadcrumb","itemListElement":[{"@type":"ListItem","position":1,"name":"Startseite","item":"https:\/\/www.myradl.de\/de\/"},{"@type":"ListItem","position":2,"name":"Partner"}]},{"@type":"WebSite","@id":"https:\/\/www.myradl.de\/de\/#website","url":"https:\/\/www.myradl.de\/de\/","name":"Myradl - M\u00fcnchen","description":"Bike Sharing by nextbike","potentialAction":[{"@type":"SearchAction","target":{"@type":"EntryPoint","urlTemplate":"https:\/\/www.myradl.de\/de\/?s={search_term_string}"},"query-input":{"@type":"PropertyValueSpecification","valueRequired":true,"valueName":"search_term_string"}}],"inLanguage":"de"}]}},"_links":{"self":[{"href":"https:\/\/www.myradl.de\/de\/wp-json\/wp\/v2\/pages\/731","targetHints":{"allow":["GET"]}}],"collection":[{"href":"https:\/\/www.myradl.de\/de\/wp-json\/wp\/v2\/pages"}],"about":[{"href":"https:\/\/www.myradl.de\/de\/wp-json\/wp\/v2\/types\/page"}],"author":[{"embeddable":true,"href":"https:\/\/www.myradl.de\/de\/wp-json\/wp\/v2\/users\/13"}],"replies":[{"embeddable":true,"href":"https:\/\/www.myradl.de\/de\/wp-json\/wp\/v2\/comments?post=731"}],"version-history":[{"count":11,"href":"https:\/\/www.myradl.de\/de\/wp-json\/wp\/v2\/pages\/731\/revisions"}],"predecessor-version":[{"id":897,"href":"https:\/\/www.myradl.de\/de\/wp-json\/wp\/v2\/pages\/731\/revisions\/897"}],"wp:attachment":[{"href":"https:\/\/www.myradl.de\/de\/wp-json\/wp\/v2\/media?parent=731"}],"curies":[{"name":"wp","href":"https:\/\/api.w.org\/{rel}","templated":true}]}}