{"id":154,"date":"2026-02-17T16:37:20","date_gmt":"2026-02-17T15:37:20","guid":{"rendered":"https:\/\/nextbike-live.pluspol-networks.de\/myradl\/?page_id=154"},"modified":"2026-04-13T12:04:28","modified_gmt":"2026-04-13T10:04:28","slug":"locations","status":"publish","type":"page","link":"https:\/\/www.myradl.de\/en\/locations\/","title":{"rendered":"Locations"},"content":{"rendered":"<div class=\"wpb-content-wrapper\"><p>[vc_row][vc_column][vc_column_text css=&#8221;&#8221;]<\/p>\n<h1>Locations<\/h1>\n<p>&nbsp;<\/p>\n<p><nb-website-map\n            style='width: 100%; height: 600px; font-size: 16px'\n            nb-api-key='Xn9DHSA1GefAQINn'\n            nb-show-legend='false'\n            show-searchbox='false'\n            nb-language='en'\n            nb-brands='ml'\n            nb-zoom='13'\n            nb-cities='1301'\n            nb-cities-focus='1301'\n            nb-branding='ml'\n        ><\/nb-website-map>[\/vc_column_text][\/vc_column][\/vc_row][vc_row ppi_row_padding=&#8221;ppi_remove_padding_top&#8221;][vc_column width=&#8221;1\/2&#8243;][vc_column_text css=&#8221;.vc_custom_1773139694935{margin-bottom: -20px !important;}&#8221;]<\/p>\n<h2>Find MyRadl locations here:<\/h2>\n<p>[\/vc_column_text][vc_row_inner][vc_column_inner width=&#8221;1\/2&#8243;][vc_column_text css=&#8221;&#8221;]<\/p>\n<ul>\n<li>Aschheim<\/li>\n<li>Brunnthal<\/li>\n<li>Eching<\/li>\n<li>Feldkirchen<\/li>\n<li>F\u00fcrstenfeldbruck<\/li>\n<li>Garching<\/li>\n<li>Germering<\/li>\n<li>Gilching<\/li>\n<li>Gr\u00e4felfing<\/li>\n<li>Grafrath<\/li>\n<li>Gr\u00f6benzell<\/li>\n<li>Gr\u00fcnwald<\/li>\n<li>Haar<\/li>\n<li>Hallbergmoos<\/li>\n<li>Hohenbrunn<\/li>\n<li>H\u00f6henkirchen-Siegertsbrunn<\/li>\n<li>Holzkirchen<\/li>\n<li>Ismaning<\/li>\n<li>Kirchheim-Heimstetten<\/li>\n<\/ul>\n<p>[\/vc_column_text][\/vc_column_inner][vc_column_inner width=&#8221;1\/2&#8243;][vc_column_text css=&#8221;&#8221;]<\/p>\n<ul>\n<li>Landsberied<\/li>\n<li>Maisach<\/li>\n<li>Mammendorf<\/li>\n<li>Munich<\/li>\n<li>Neubiberg<\/li>\n<li>Neufahrn<\/li>\n<li>Neuried<\/li>\n<li>Oberhaching<\/li>\n<li>Oberschlei\u00dfheim<\/li>\n<li>Olching<\/li>\n<li>Otterfing<\/li>\n<li>Planegg<\/li>\n<li>Puchheim<\/li>\n<li>Pullach<\/li>\n<li>Sch\u00f6ngeising<\/li>\n<li>Unterf\u00f6hring<\/li>\n<li>Unterhaching<\/li>\n<li>Unterschlei\u00dfheim<\/li>\n<\/ul>\n<p>[\/vc_column_text][\/vc_column_inner][\/vc_row_inner][\/vc_column][vc_column width=&#8221;1\/2&#8243;][vc_single_image image=&#8221;326&#8243; img_size=&#8221;large&#8221; alignment=&#8221;center&#8221; onclick=&#8221;img_link_large&#8221; css=&#8221;&#8221;][\/vc_column][\/vc_row]<\/p>\n<\/div>","protected":false},"excerpt":{"rendered":"<p>[vc_row][vc_column][vc_column_text css=&#8221;&#8221;] Locations &nbsp; [\/vc_column_text][\/vc_column][\/vc_row][vc_row ppi_row_padding=&#8221;ppi_remove_padding_top&#8221;][vc_column width=&#8221;1\/2&#8243;][vc_column_text css=&#8221;.vc_custom_1773139694935{margin-bottom: -20px !important;}&#8221;] Find MyRadl locations here: [\/vc_column_text][vc_row_inner][vc_column_inner width=&#8221;1\/2&#8243;][vc_column_text css=&#8221;&#8221;] Aschheim Brunnthal Eching Feldkirchen F\u00fcrstenfeldbruck Garching Germering Gilching Gr\u00e4felfing Grafrath Gr\u00f6benzell Gr\u00fcnwald Haar Hallbergmoos Hohenbrunn H\u00f6henkirchen-Siegertsbrunn Holzkirchen Ismaning Kirchheim-Heimstetten [\/vc_column_text][\/vc_column_inner][vc_column_inner width=&#8221;1\/2&#8243;][vc_column_text css=&#8221;&#8221;] Landsberied Maisach Mammendorf Munich Neubiberg Neufahrn Neuried Oberhaching Oberschlei\u00dfheim Olching Otterfing Planegg Puchheim Pullach Sch\u00f6ngeising Unterf\u00f6hring [&hellip;]<\/p>\n","protected":false},"author":13,"featured_media":0,"parent":0,"menu_order":0,"comment_status":"closed","ping_status":"closed","template":"page-bubble.php","meta":{"_acf_changed":false,"inline_featured_image":false,"footnotes":""},"class_list":["post-154","page","type-page","status-publish","hentry"],"acf":[],"yoast_head":"<!-- This site is optimized with the Yoast SEO plugin v27.2 - https:\/\/yoast.com\/product\/yoast-seo-wordpress\/ -->\n<title>MyRadl locations<\/title>\n<meta name=\"description\" content=\"Get an overview of the service area and rental locations of MyRadl.\" \/>\n<meta name=\"robots\" content=\"index, follow, max-snippet:-1, max-image-preview:large, max-video-preview:-1\" \/>\n<link rel=\"canonical\" href=\"https:\/\/www.myradl.de\/en\/locations\/\" \/>\n<meta property=\"og:locale\" content=\"en_US\" \/>\n<meta property=\"og:type\" content=\"article\" \/>\n<meta property=\"og:title\" content=\"MyRadl locations\" \/>\n<meta property=\"og:description\" content=\"Get an overview of the service area and rental locations of MyRadl.\" \/>\n<meta property=\"og:url\" content=\"https:\/\/www.myradl.de\/en\/locations\/\" \/>\n<meta property=\"og:site_name\" content=\"MyRadl M\u00fcnchen\" \/>\n<meta property=\"article:modified_time\" content=\"2026-04-13T10:04:28+00:00\" \/>\n<meta name=\"twitter:card\" content=\"summary_large_image\" \/>\n<meta name=\"twitter:label1\" content=\"Est. reading time\" \/>\n\t<meta name=\"twitter:data1\" content=\"1 minute\" \/>\n<script type=\"application\/ld+json\" class=\"yoast-schema-graph\">{\"@context\":\"https:\/\/schema.org\",\"@graph\":[{\"@type\":\"WebPage\",\"@id\":\"https:\/\/www.myradl.de\/en\/locations\/\",\"url\":\"https:\/\/www.myradl.de\/en\/locations\/\",\"name\":\"MyRadl locations\",\"isPartOf\":{\"@id\":\"https:\/\/www.myradl.de\/en\/#website\"},\"datePublished\":\"2026-02-17T15:37:20+00:00\",\"dateModified\":\"2026-04-13T10:04:28+00:00\",\"description\":\"Get an overview of the service area and rental locations of MyRadl.\",\"breadcrumb\":{\"@id\":\"https:\/\/www.myradl.de\/en\/locations\/#breadcrumb\"},\"inLanguage\":\"en-US\",\"potentialAction\":[{\"@type\":\"ReadAction\",\"target\":[\"https:\/\/www.myradl.de\/en\/locations\/\"]}]},{\"@type\":\"BreadcrumbList\",\"@id\":\"https:\/\/www.myradl.de\/en\/locations\/#breadcrumb\",\"itemListElement\":[{\"@type\":\"ListItem\",\"position\":1,\"name\":\"Startseite\",\"item\":\"https:\/\/www.myradl.de\/en\/\"},{\"@type\":\"ListItem\",\"position\":2,\"name\":\"Locations\"}]},{\"@type\":\"WebSite\",\"@id\":\"https:\/\/www.myradl.de\/en\/#website\",\"url\":\"https:\/\/www.myradl.de\/en\/\",\"name\":\"MyRadl M\u00fcnchen\",\"description\":\"Bike Sharing by nextbike\",\"potentialAction\":[{\"@type\":\"SearchAction\",\"target\":{\"@type\":\"EntryPoint\",\"urlTemplate\":\"https:\/\/www.myradl.de\/en\/?s={search_term_string}\"},\"query-input\":{\"@type\":\"PropertyValueSpecification\",\"valueRequired\":true,\"valueName\":\"search_term_string\"}}],\"inLanguage\":\"en-US\"}]}<\/script>\n<!-- \/ Yoast SEO plugin. -->","yoast_head_json":{"title":"MyRadl locations","description":"Get an overview of the service area and rental locations of MyRadl.","robots":{"index":"index","follow":"follow","max-snippet":"max-snippet:-1","max-image-preview":"max-image-preview:large","max-video-preview":"max-video-preview:-1"},"canonical":"https:\/\/www.myradl.de\/en\/locations\/","og_locale":"en_US","og_type":"article","og_title":"MyRadl locations","og_description":"Get an overview of the service area and rental locations of MyRadl.","og_url":"https:\/\/www.myradl.de\/en\/locations\/","og_site_name":"MyRadl M\u00fcnchen","article_modified_time":"2026-04-13T10:04:28+00:00","twitter_card":"summary_large_image","twitter_misc":{"Est. reading time":"1 minute"},"schema":{"@context":"https:\/\/schema.org","@graph":[{"@type":"WebPage","@id":"https:\/\/www.myradl.de\/en\/locations\/","url":"https:\/\/www.myradl.de\/en\/locations\/","name":"MyRadl locations","isPartOf":{"@id":"https:\/\/www.myradl.de\/en\/#website"},"datePublished":"2026-02-17T15:37:20+00:00","dateModified":"2026-04-13T10:04:28+00:00","description":"Get an overview of the service area and rental locations of MyRadl.","breadcrumb":{"@id":"https:\/\/www.myradl.de\/en\/locations\/#breadcrumb"},"inLanguage":"en-US","potentialAction":[{"@type":"ReadAction","target":["https:\/\/www.myradl.de\/en\/locations\/"]}]},{"@type":"BreadcrumbList","@id":"https:\/\/www.myradl.de\/en\/locations\/#breadcrumb","itemListElement":[{"@type":"ListItem","position":1,"name":"Startseite","item":"https:\/\/www.myradl.de\/en\/"},{"@type":"ListItem","position":2,"name":"Locations"}]},{"@type":"WebSite","@id":"https:\/\/www.myradl.de\/en\/#website","url":"https:\/\/www.myradl.de\/en\/","name":"MyRadl M\u00fcnchen","description":"Bike Sharing by nextbike","potentialAction":[{"@type":"SearchAction","target":{"@type":"EntryPoint","urlTemplate":"https:\/\/www.myradl.de\/en\/?s={search_term_string}"},"query-input":{"@type":"PropertyValueSpecification","valueRequired":true,"valueName":"search_term_string"}}],"inLanguage":"en-US"}]}},"_links":{"self":[{"href":"https:\/\/www.myradl.de\/en\/wp-json\/wp\/v2\/pages\/154","targetHints":{"allow":["GET"]}}],"collection":[{"href":"https:\/\/www.myradl.de\/en\/wp-json\/wp\/v2\/pages"}],"about":[{"href":"https:\/\/www.myradl.de\/en\/wp-json\/wp\/v2\/types\/page"}],"author":[{"embeddable":true,"href":"https:\/\/www.myradl.de\/en\/wp-json\/wp\/v2\/users\/13"}],"replies":[{"embeddable":true,"href":"https:\/\/www.myradl.de\/en\/wp-json\/wp\/v2\/comments?post=154"}],"version-history":[{"count":6,"href":"https:\/\/www.myradl.de\/en\/wp-json\/wp\/v2\/pages\/154\/revisions"}],"predecessor-version":[{"id":328,"href":"https:\/\/www.myradl.de\/en\/wp-json\/wp\/v2\/pages\/154\/revisions\/328"}],"wp:attachment":[{"href":"https:\/\/www.myradl.de\/en\/wp-json\/wp\/v2\/media?parent=154"}],"curies":[{"name":"wp","href":"https:\/\/api.w.org\/{rel}","templated":true}]}}